{"id":55,"date":"2015-09-23T14:07:36","date_gmt":"2015-09-23T12:07:36","guid":{"rendered":"http:\/\/129.143.231.234\/wp\/?page_id=55"},"modified":"2025-10-21T14:33:50","modified_gmt":"2025-10-21T12:33:50","slug":"ueberblick-bildungsangebot","status":"publish","type":"page","link":"https:\/\/aagy.de\/?page_id=55","title":{"rendered":"\u00dcberblick \/ Bildungsangebot"},"content":{"rendered":"<div style=\"text-align:justify\">\n<h3>Das Bildungsangebot am AAG<\/h3>\n<ul>\n<li>Klasse 5 &#8211; 12 (G8) bzw. 13 (G9) mit sprachlichem und naturwissenschaftlichen Profil<\/li>\n<li>Englisch ab Klasse 5<\/li>\n<li>Franz\u00f6sisch oder Latein ab Klasse 6<\/li>\n<li>Italienisch (sprachliches Profil) oder NWT (naturwissens. Profil) ab Klasse 8<\/li>\n<li>Verpflichtendes <a href=\"https:\/\/www.aagy.de\/?page_id=176\">Sozialpraktikum<\/a> in Klasse 9<\/li>\n<li><a href=\"https:\/\/www.aagy.de\/?page_id=62\">BOGY &#8211; <u>B<\/u>erufs- und Studien<u>o<\/u>rientierung am <u>Gy<\/u>mnasium<\/a><\/li>\n<\/ul>\n<p>Der neue Bildungsplan f\u00fcr Baden-W\u00fcrttemberg kann <a href=\"http:\/\/www.bildungsplaene-bw.de\/,Lde\/Startseite\">hier<\/a> eingesehen werden.<\/p>\n<h3>Das Schulkonzept des AAG<\/h3>\n<p>Unsere Schule versteht sich als Schulgemeinschaft, in der sowohl ein <strong>individueller als auch ein gemeinsamer Lernprozess Raum gewinnen<\/strong>. Dabei ist es uns wichtig, dass diese beiden Prozesse <strong>unterst\u00fctzt und getragen<\/strong> werden von Sch\u00fclerinnen und Sch\u00fclern, Lehrerinnen und Lehrern, Eltern und von allen weiteren Beteiligten. Wir tragen <strong>Verantwortung f\u00fcr die Entwicklung und F\u00f6rderung<\/strong> der Sch\u00fclerinnen und Sch\u00fcler, aber der Schl\u00fcssel f\u00fcr eine gelingende Schulzeit liegt <strong>in der Zusammenarbeit aller.<\/strong><\/p>\n<p>Die Schullaufbahn wird f\u00fcr unsere Sch\u00fclerinnen und Sch\u00fcler inhaltlich durch das allgemein verbindliche <strong>Kerncurriculum<\/strong> und durch das an unserer und f\u00fcr unsere Schule ausgearbeitete <strong>Schulcurriculum<\/strong> gekennzeichnet. Hierin ist es f\u00fcr die Fachschaften m\u00f6glich, vertiefende oder erg\u00e4nzende Schwerpunkte zu setzen. Neben den fachlichen Inhalten im <strong>t\u00e4glichen Unterricht<\/strong>, die besonders das Wissen und die <strong>Schl\u00fcsselqualifikationen f\u00fcr die Studierf\u00e4higkeit<\/strong> unserer Sch\u00fcler st\u00e4rken sollen, legen wir vertiefend Wert auf Kompetenzen, die unsere Sch\u00fclerinnen und Sch\u00fcler in ihrer Entwicklung zu <strong>verantwortungsbewussten und selbstst\u00e4ndigen<\/strong> Menschen unterst\u00fctzen.<\/p>\n<p>Durch unsere <strong>Schwerpunktlinien<\/strong>, die sich auf die Bereiche <strong>Kultur, Soziales und Pers\u00f6nlichkeitsentwicklung<\/strong> beziehen, werden diese Kompetenzen gef\u00f6rdert. Sie pr\u00e4gen jahrgangs- und fach\u00fcbergreifend unser Schulleben. Es ist uns dabei wichtig, die Herausforderungen einer sich wandelnden Gesellschaft kritisch zu reflektieren und zu verarbeiten. Ein vielf\u00e4ltiges <strong>Kultur<\/strong>angebot macht unsere Schule lebendig. Unsere Sch\u00fclerinnen und Sch\u00fcler sollen dabei unterst\u00fctzt werden, sich als Teil des kulturellen Lebens zu begreifen und auch neue Aspekte und Innovationen einzubringen. Der Austausch mit anderen Kulturen ist dabei genauso von Interesse wie die Begegnung mit den kulturellen Traditionen unserer Gesellschaft. F\u00fcr die Gemeinschaft im Schulleben ist die Sch\u00e4rfung der Wahrnehmung unserer Sch\u00fclerinnen und Sch\u00fcler f\u00fcr die Probleme anderer wichtig. Sie sollen zu Pers\u00f6nlichkeiten ausgebildet werden, die Verantwortung \u00fcbernehmen und so zu einem <strong>sozialen<\/strong> Miteinander beitragen. F\u00fcr die Begegnung und Auseinandersetzung mit unterschiedlichen Gruppierungen unserer Gesellschaft soll eine Plattform des Austausches \u00fcber Werte und Normen unserer Kultur geboten werden, die von Dialog, Toleranz und einem aktiven Auf-andere-Zugehen gepr\u00e4gt ist. Die dritte Linie in der Begleitung der Sch\u00fclerinnen und Sch\u00fcler ist die St\u00e4rkung der eigenen <strong>Pers\u00f6nlichkeit<\/strong>. Um den unterschiedlichen Bed\u00fcrfnissen gerecht zu werden, ist unser Programm breit angelegt. Die Entdeckung und Schulung der eigenen Ressourcen wird sowohl in den Bereichen Gesundheit und Bewegung als auch in den Bereichen Lernmethodik und Berufsorientierung gef\u00f6rdert.<\/p>\n<p>Auf diesem Weg w\u00fcnschen wir uns eine Atmosph\u00e4re, die gepr\u00e4gt ist von <strong>respektvollem Umgang<\/strong> miteinander. Die Achtung und Wertsch\u00e4tzung der pers\u00f6nlichen Entwicklung und die F\u00f6rderung der Leistungsbereitschaft ist uns dabei genau so wichtig wie der kritische Austausch und gegenseitige Akzeptanz. Dieser Weg der Gemeinschaft steht auf dem Fundament der <strong>Solidarit\u00e4t<\/strong>, die sich zeigt in der gegenseitigen Unterst\u00fctzung in den Klassen, im Teamgeist an der Schule und in der Bereitschaft aller, sich gemeinsam f\u00fcr Projekte zu engagieren.<\/p>\n<p>All dies gelingt nur, wenn die Beteiligten sich offen f\u00fcr eine Kommunikation zeigen, die signalisiert, dass das Geben und Nehmen in wechselseitiger Beziehung steht und eine <strong>Lernbereitschaft<\/strong> aller gegeben ist. Eine Schulzeit, die die Jugendlichen in diesem Sinne bildet und schult, f\u00f6rdert und fordert ihre Bereitschaft zur \u00dcbernahme von Verantwortung und selbstst\u00e4ndigem Handeln.<\/p>\n<p><em>verabschiedet am 19.5.2011 von der GLK<\/em><\/p>\n<\/div>\n","protected":false},"excerpt":{"rendered":"<p>Das Bildungsangebot am AAG Klasse 5 &#8211; 12 (G8) bzw. 13 (G9) mit sprachlichem und naturwissenschaftlichen Profil Englisch ab Klasse 5 Franz\u00f6sisch oder Latein ab Klasse 6 Italienisch (sprachliches Profil) [&hellip;]<\/p>\n","protected":false},"author":1,"featured_media":0,"parent":0,"menu_order":0,"comment_status":"closed","ping_status":"closed","template":"","meta":{"_uag_custom_page_level_css":"","_EventAllDay":false,"_EventTimezone":"","_EventStartDate":"","_EventEndDate":"","_EventStartDateUTC":"","_EventEndDateUTC":"","_EventShowMap":false,"_EventShowMapLink":false,"_EventURL":"","_EventCost":"","_EventCostDescription":"","_EventCurrencySymbol":"","_EventCurrencyCode":"","_EventCurrencyPosition":"","_EventDateTimeSeparator":"","_EventTimeRangeSeparator":"","_EventOrganizerID":[],"_EventVenueID":[],"_OrganizerEmail":"","_OrganizerPhone":"","_OrganizerWebsite":"","_VenueAddress":"","_VenueCity":"","_VenueCountry":"","_VenueProvince":"","_VenueState":"","_VenueZip":"","_VenuePhone":"","_VenueURL":"","_VenueStateProvince":"","_VenueLat":"","_VenueLng":"","_VenueShowMap":false,"_VenueShowMapLink":false,"footnotes":""},"class_list":["post-55","page","type-page","status-publish","hentry"],"blocksy_meta":{"styles_descriptor":{"styles":{"desktop":"","tablet":"","mobile":""},"google_fonts":[],"version":6}},"uagb_featured_image_src":{"full":false,"thumbnail":false,"medium":false,"medium_large":false,"large":false,"1536x1536":false,"2048x2048":false},"uagb_author_info":{"display_name":"admin","author_link":"https:\/\/aagy.de\/?author=1"},"uagb_comment_info":0,"uagb_excerpt":"Das Bildungsangebot am AAG Klasse 5 &#8211; 12 (G8) bzw. 13 (G9) mit sprachlichem und naturwissenschaftlichen Profil Englisch ab Klasse 5 Franz\u00f6sisch oder Latein ab Klasse 6 Italienisch (sprachliches Profil) [&hellip;]","jetpack_sharing_enabled":true,"_links":{"self":[{"href":"https:\/\/aagy.de\/index.php?rest_route=\/wp\/v2\/pages\/55","targetHints":{"allow":["GET"]}}],"collection":[{"href":"https:\/\/aagy.de\/index.php?rest_route=\/wp\/v2\/pages"}],"about":[{"href":"https:\/\/aagy.de\/index.php?rest_route=\/wp\/v2\/types\/page"}],"author":[{"embeddable":true,"href":"https:\/\/aagy.de\/index.php?rest_route=\/wp\/v2\/users\/1"}],"replies":[{"embeddable":true,"href":"https:\/\/aagy.de\/index.php?rest_route=%2Fwp%2Fv2%2Fcomments&post=55"}],"version-history":[{"count":12,"href":"https:\/\/aagy.de\/index.php?rest_route=\/wp\/v2\/pages\/55\/revisions"}],"predecessor-version":[{"id":9284,"href":"https:\/\/aagy.de\/index.php?rest_route=\/wp\/v2\/pages\/55\/revisions\/9284"}],"wp:attachment":[{"href":"https:\/\/aagy.de\/index.php?rest_route=%2Fwp%2Fv2%2Fmedia&parent=55"}],"curies":[{"name":"wp","href":"https:\/\/api.w.org\/{rel}","templated":true}]}}